{"id":593,"date":"2019-05-06T16:06:30","date_gmt":"2019-05-06T14:06:30","guid":{"rendered":"https:\/\/pampliegaassociats.com\/?page_id=593"},"modified":"2019-07-05T10:45:03","modified_gmt":"2019-07-05T08:45:03","slug":"politica-de-privacidad","status":"publish","type":"page","link":"https:\/\/pampliegaassociats.com\/es\/politica-de-privacidad\/","title":{"rendered":"Pol\u00edtica de privacidad"},"content":{"rendered":"\n<h1 class=\"wp-block-heading\">Pol\u00edtica de privacidad<\/h1>\n\n\n\n<h2 class=\"title_legal wp-block-heading\">1.-Responsable del tractament de les seves dades personals:<\/h2>\n\n\n\n<p>L\u2019informem que qualsevol dada personal que vost\u00e8 faciliti mitjan\u00e7ant aquest lloc web ser\u00e0 tractat per <strong>PAMPLIEGA &amp; ASSOCIATS SL<\/strong>, en qualitat de responsable del tractament. <\/p>\n\n\n\n<p><strong>PAMPLIEGA &amp; ASSOCIATS SL<\/strong> \u00e9s la titular d\u2019aquest lloc web i es troba domiciliada a Escaldes-Engordany (Principat d\u2019Andorra), C\/ dels Escalls 19, ed.Astre, 2-D, i compta amb el n\u00famero de registre de comer\u00e7 928207 F i amb el n\u00famero de registre tributari F-038931-P. Vost\u00e8 pot contactar amb <strong>PAMPLIEGA &amp; ASSOCIATS<\/strong> <strong>SL<\/strong> mitjan\u00e7ant el n\u00famero de tel\u00e8fon \u00ad\u00ad+376 759 044 i l\u2019adre\u00e7a de correu electr\u00f2nic <a href=\"mailto:info@pampliegaassociats.ad\">info@pampliegaassociats.ad<\/a>. <\/p>\n\n\n\n<h2 class=\"title_legal wp-block-heading\">2.- Fitxer declarat prop de l\u2019Ag\u00e8ncia de Protecci\u00f3 de Dades del Principat d\u2019Andorra:<\/h2>\n\n\n\n<p>De conformitat amb l\u2019establert per la Llei 15\/2003, de 18 de desembre, Qualificada de Protecci\u00f3 de Dades Personals (en endavant, \u201cLLQDP\u201d), i amb l\u2019establert als reglaments que la desenvolupen, s\u2019informa als usuaris d\u2019aquest lloc web que qualsevol dada personal facilitada <strong>PAMPLIEGA &amp; ASSOCIATS<\/strong> <strong>SL<\/strong> passar\u00e0 a formar part de fitxers titularitat d\u2019aquesta entitat degudament inscrits prop de l\u2019Ag\u00e8ncia de Protecci\u00f3 de Dades del Principat d\u2019Andorra.\u00a0 <\/p>\n\n\n\n<h2 class=\"title_legal wp-block-heading\">3\u00ad. &#8211; Disposicions relatives al tractament de dades personals de menors i\/o de tercers:<\/h2>\n\n\n\n<p>No s\u2019han de facilitar, mitjan\u00e7ant aquest lloc web, dades personals de\ntercers diferents de l\u2019interessat. No obstant, en cas que l\u2019anterior sigui\nimprescindible per a dur a terme la sol\u00b7licitud que justifiqui el subministrament\nde dades personals de tercers, la persona que subministri les referides dades\npersonals de tercers assumeix la responsabilitat d\u2019informar pr\u00e8viament al\ntitular de les dades personals de tot l\u2019establert en aquesta pol\u00edtica de\nprivadesa.<\/p>\n\n\n\n<p>En cas que, per a poder procedir a la seva sol\u00b7licitud, vost\u00e8 hagi de facilitar dades personals de menors de 18 anys, vost\u00e8 garanteix a <strong>PAMPLIEGA &amp; ASSOCIATS<\/strong> <strong>SL<\/strong> que ho fa en la seva condici\u00f3 de pare, mare o tutor legal del menor titular de les dades personals, atorgant tamb\u00e9 el seu consentiment expr\u00e9s pel tractament de les mateixes. En aquest cas, vost\u00e8 haur\u00e0 d\u2019acreditar el parentiu o la tutela, mitjan\u00e7ant l\u2019aportaci\u00f3 d\u2019un document oficial, com ara, per exemple, una c\u00f2pia escanejada del Llibre de Fam\u00edlia.<\/p>\n\n\n\n<h2 class=\"title_legal wp-block-heading\">4.-Finalitats del tractament:<\/h2>\n\n\n\n<p><strong>PAMPLIEGA &amp; ASSOCIATS<\/strong> <strong>SL<\/strong>podr\u00e0 tractar les seves dades personals per a la finalitat que es descriu a continuaci\u00f3:<\/p>\n\n\n\n<p>Mitjan\u00e7ant l\u2019enviament de correus electr\u00f2nics per part de l\u2019usuari a les adreces de correu electr\u00f2nic de contacte <a href=\"mailto:info@pampliegaassociats.ad\">info@pampliegaassociats.ad<\/a> o mitjan\u00e7ant els formularis dels apartats de \u201c<a href=\"https:\/\/pampliegaassociats.com\/contacte\/\">Contacte<\/a>\u201d que <strong>PAMPLIEGA &amp; ASSOCIATS<\/strong> <strong>SL<\/strong> posa a la seva disposici\u00f3 en aquest lloc web, aquesta entitat recollir\u00e0 i tractar\u00e0 les seves dades personals amb la finalitat de gestionar la seva sol\u00b7licitud d\u2019informaci\u00f3, consulta, reclamaci\u00f3 o suggeriment, aix\u00ed com per a realitzar tots els tr\u00e0mits i\/o procediments necessaris per a donar curs a la referida sol\u00b7licitud. Aquest tractament de les seves dades personals es basa en el consentiment informat que vost\u00e8 haur\u00e0 manifestat en enviar un correu electr\u00f2nic a l\u2019adre\u00e7a de correu electr\u00f2nic de contacte o en facilitar i enviar les dades requerides als formularis dels apartats de \u201c<a href=\"https:\/\/pampliegaassociats.com\/contacte\/\">contacte<\/a>\u201d i de \u201cb\u00fastia de suggeriments\u201d. El subministrament de les seves dades personals per aquesta finalitat \u00e9s voluntari, tot i que en cas de no facilitar-se les dades personals en q\u00fcesti\u00f3, no es podr\u00e0 procedir a donar curs a la seva sol\u00b7licitud d\u2019informaci\u00f3, consulta, reclamaci\u00f3 o suggeriment. <\/p>\n\n\n\n<h2 class=\"title_legal wp-block-heading\">5.- Destinataris o tipus de destinataris, inclosos prestadores de serveis:<\/h2>\n\n\n\n<p>En cas que, per aconseguir les finalitats anteriorment\nmencionades, sigui necessari, les seves dades personals es podran transmetre als\nseg\u00fcents destinataris o tipus de destinataris: <\/p>\n\n\n\n<ol class=\"list_legal wp-block-list\"><li>Prove\u00efdors de serveis de <strong>PAMPLIEGA &amp; ASSOCIATS<\/strong> <strong>SL<\/strong> els quals hagin de processar les seves dades personals en relaci\u00f3 amb la finalitat de qu\u00e8 es tracti. Els referit prove\u00efdors de serveis de <strong>PAMPLIEGA &amp; ASSOCIATS<\/strong> <strong>SL<\/strong> realitzaran l\u2019anterior segons les instruccions de <strong>PAMPLIEGA &amp; ASSOCIATS<\/strong> <strong>SL<\/strong> i de conformitat amb aquesta pol\u00edtica de privadesa i qualsevol mesura de seguretat i de confidencialitat apropiada que estableixi aquesta entitat.<\/li><li>Tercers que no tinguin relaci\u00f3 amb <strong>PAMPLIEGA &amp; ASSOCIATS SL<\/strong>, si aquesta identifica, de bona fe, la necessitat de dur a terme la comunicaci\u00f3 de qu\u00e8 es tracti per a: (1) complir qualsevol llei, regulaci\u00f3, procediment legal o requeriment governamental amb for\u00e7a executiva aplicables; (2) fer complir los termes i condicions del producte i\/o servei adquirit, inclosa la investigaci\u00f3 de possibles violacions; i\/o (3) detectar, prevenir o abordar d\u2019alguna altra manera el frau, la seguretat o els problemes t\u00e8cnics.<\/li><\/ol>\n\n\n\n<h2 class=\"title_legal wp-block-heading\">6.- &nbsp;Drets en relaci\u00f3 amb les seves dades de car\u00e0cter personal:<\/h2>\n\n\n\n<p>En compliment de la LLQPD, i dels reglaments que la desenvolupen, <strong>PAMPLIEGA &amp; ASSOCIATS<\/strong> <strong>SL<\/strong> l\u2019informa que, per a exercir els seus drets d\u2019acc\u00e9s, rectificaci\u00f3, i supressi\u00f3 de les seves dades personals, reconeguts en l\u2019esmentada normativa, vost\u00e8 haur\u00e0 d\u2019enviar una comunicaci\u00f3 escrita i signada a la direcci\u00f3 de correu electr\u00f2nic <a href=\"mailto:info@pampliegaassociats.ad\">info@pampliegaassociats.ad<\/a>, a la qual hi haur\u00e0 d\u2019adjuntar una c\u00f2pia del seu passaport o altre document nacional d\u2019identitat.<\/p>\n\n\n\n<h2 class=\"title_legal wp-block-heading\">7.- Seguretat:<\/h2>\n\n\n\n<p><strong>PAMPLIEGA &amp; ASSOCIATS<\/strong> <strong>SL<\/strong> li garanteix que el tractament que dur\u00e0 a terme de les seves dades personals est\u00e0 sotmesa a la m\u00e9s estricta confidencialitat, i que s\u2019han establert les mesures necess\u00e0ries, tant t\u00e8cnica com organitzativa, per garantir la seguretat de les seves dades personals i evitar la seva alteraci\u00f3, mal us, p\u00e8rdua, robatori i tractament i\/o acc\u00e9s no autoritzat.<\/p>\n\n\n\n<h2 class=\"title_legal wp-block-heading\">8.- Modificacions a la Pol\u00edtica de Privadesa:<\/h2>\n\n\n\n<p>Aquesta Pol\u00edtica de Privadesa esta subjecta a eventuals modificacions d\u2019acord amb la normativa aplicable en cada moment. <br><br><strong>Darrera actualitzaci\u00f3: Abril del 2019<\/strong><\/p>\n","protected":false},"excerpt":{"rendered":"<p>Pol\u00edtica de privacidad 1.-Responsable del tractament de les seves dades personals: L\u2019informem que qualsevol dada personal que vost\u00e8 faciliti mitjan\u00e7ant aquest lloc web ser\u00e0 tractat per PAMPLIEGA &amp; ASSOCIATS SL, en qualitat de responsable del tractament. PAMPLIEGA &amp; ASSOCIATS SL \u00e9s la titular d\u2019aquest lloc web i es troba domiciliada a Escaldes-Engordany (Principat d\u2019Andorra), C\/ &hellip; <\/p>\n<p class=\"link-more\"><a href=\"https:\/\/pampliegaassociats.com\/es\/politica-de-privacidad\/\" class=\"more-link\">Seguir leyendo<span class=\"screen-reader-text\"> \u00abPol\u00edtica de privacidad\u00bb<\/span><\/a><\/p>\n","protected":false},"author":1,"featured_media":0,"parent":0,"menu_order":0,"comment_status":"closed","ping_status":"closed","template":"","meta":{"footnotes":""},"class_list":["post-593","page","type-page","status-publish","hentry","entry"],"yoast_head":"<!-- This site is optimized with the Yoast SEO plugin v26.7 - https:\/\/yoast.com\/wordpress\/plugins\/seo\/ -->\n<title>Pol\u00edtica de privacidad - Pampliega &amp; Associats<\/title>\n<meta name=\"robots\" content=\"index, follow, max-snippet:-1, max-image-preview:large, max-video-preview:-1\" \/>\n<link rel=\"canonical\" href=\"https:\/\/pampliegaassociats.com\/es\/politica-de-privacidad\/\" \/>\n<meta property=\"og:locale\" content=\"es_ES\" \/>\n<meta property=\"og:type\" content=\"article\" \/>\n<meta property=\"og:title\" content=\"Pol\u00edtica de privacidad - Pampliega &amp; Associats\" \/>\n<meta property=\"og:description\" content=\"Pol\u00edtica de privacidad 1.-Responsable del tractament de les seves dades personals: L\u2019informem que qualsevol dada personal que vost\u00e8 faciliti mitjan\u00e7ant aquest lloc web ser\u00e0 tractat per PAMPLIEGA &amp; ASSOCIATS SL, en qualitat de responsable del tractament. PAMPLIEGA &amp; ASSOCIATS SL \u00e9s la titular d\u2019aquest lloc web i es troba domiciliada a Escaldes-Engordany (Principat d\u2019Andorra), C\/ &hellip; Seguir leyendo \u00abPol\u00edtica de privacidad\u00bb\" \/>\n<meta property=\"og:url\" content=\"https:\/\/pampliegaassociats.com\/es\/politica-de-privacidad\/\" \/>\n<meta property=\"og:site_name\" content=\"Pampliega &amp; Associats\" \/>\n<meta property=\"article:modified_time\" content=\"2019-07-05T08:45:03+00:00\" \/>\n<meta name=\"twitter:card\" content=\"summary_large_image\" \/>\n<meta name=\"twitter:label1\" content=\"Tiempo de lectura\" \/>\n\t<meta name=\"twitter:data1\" content=\"5 minutos\" \/>\n<script type=\"application\/ld+json\" class=\"yoast-schema-graph\">{\"@context\":\"https:\/\/schema.org\",\"@graph\":[{\"@type\":\"WebPage\",\"@id\":\"https:\/\/pampliegaassociats.com\/es\/politica-de-privacidad\/\",\"url\":\"https:\/\/pampliegaassociats.com\/es\/politica-de-privacidad\/\",\"name\":\"Pol\u00edtica de privacidad - Pampliega &amp; Associats\",\"isPartOf\":{\"@id\":\"https:\/\/pampliegaassociats.com\/#website\"},\"datePublished\":\"2019-05-06T14:06:30+00:00\",\"dateModified\":\"2019-07-05T08:45:03+00:00\",\"breadcrumb\":{\"@id\":\"https:\/\/pampliegaassociats.com\/es\/politica-de-privacidad\/#breadcrumb\"},\"inLanguage\":\"es\",\"potentialAction\":[{\"@type\":\"ReadAction\",\"target\":[\"https:\/\/pampliegaassociats.com\/es\/politica-de-privacidad\/\"]}]},{\"@type\":\"BreadcrumbList\",\"@id\":\"https:\/\/pampliegaassociats.com\/es\/politica-de-privacidad\/#breadcrumb\",\"itemListElement\":[{\"@type\":\"ListItem\",\"position\":1,\"name\":\"Portada\",\"item\":\"https:\/\/pampliegaassociats.com\/es\/\"},{\"@type\":\"ListItem\",\"position\":2,\"name\":\"Pol\u00edtica de privacidad\"}]},{\"@type\":\"WebSite\",\"@id\":\"https:\/\/pampliegaassociats.com\/#website\",\"url\":\"https:\/\/pampliegaassociats.com\/\",\"name\":\"Pampliega &amp; Associats\",\"description\":\"Comunicaci\u00f3 Estrat\u00e8gica Reputaci\u00f3 i Gesti\u00f3 de crisi\",\"publisher\":{\"@id\":\"https:\/\/pampliegaassociats.com\/#organization\"},\"potentialAction\":[{\"@type\":\"SearchAction\",\"target\":{\"@type\":\"EntryPoint\",\"urlTemplate\":\"https:\/\/pampliegaassociats.com\/?s={search_term_string}\"},\"query-input\":{\"@type\":\"PropertyValueSpecification\",\"valueRequired\":true,\"valueName\":\"search_term_string\"}}],\"inLanguage\":\"es\"},{\"@type\":\"Organization\",\"@id\":\"https:\/\/pampliegaassociats.com\/#organization\",\"name\":\"Pampliega & Associats\",\"url\":\"https:\/\/pampliegaassociats.com\/\",\"logo\":{\"@type\":\"ImageObject\",\"inLanguage\":\"es\",\"@id\":\"https:\/\/pampliegaassociats.com\/#\/schema\/logo\/image\/\",\"url\":\"https:\/\/pampliegaassociats.com\/wp-content\/uploads\/2019\/02\/logo_pampliega_associats.png\",\"contentUrl\":\"https:\/\/pampliegaassociats.com\/wp-content\/uploads\/2019\/02\/logo_pampliega_associats.png\",\"width\":220,\"height\":110,\"caption\":\"Pampliega & Associats\"},\"image\":{\"@id\":\"https:\/\/pampliegaassociats.com\/#\/schema\/logo\/image\/\"}}]}<\/script>\n<!-- \/ Yoast SEO plugin. -->","yoast_head_json":{"title":"Pol\u00edtica de privacidad - Pampliega &amp; Associats","robots":{"index":"index","follow":"follow","max-snippet":"max-snippet:-1","max-image-preview":"max-image-preview:large","max-video-preview":"max-video-preview:-1"},"canonical":"https:\/\/pampliegaassociats.com\/es\/politica-de-privacidad\/","og_locale":"es_ES","og_type":"article","og_title":"Pol\u00edtica de privacidad - Pampliega &amp; Associats","og_description":"Pol\u00edtica de privacidad 1.-Responsable del tractament de les seves dades personals: L\u2019informem que qualsevol dada personal que vost\u00e8 faciliti mitjan\u00e7ant aquest lloc web ser\u00e0 tractat per PAMPLIEGA &amp; ASSOCIATS SL, en qualitat de responsable del tractament. PAMPLIEGA &amp; ASSOCIATS SL \u00e9s la titular d\u2019aquest lloc web i es troba domiciliada a Escaldes-Engordany (Principat d\u2019Andorra), C\/ &hellip; Seguir leyendo \u00abPol\u00edtica de privacidad\u00bb","og_url":"https:\/\/pampliegaassociats.com\/es\/politica-de-privacidad\/","og_site_name":"Pampliega &amp; Associats","article_modified_time":"2019-07-05T08:45:03+00:00","twitter_card":"summary_large_image","twitter_misc":{"Tiempo de lectura":"5 minutos"},"schema":{"@context":"https:\/\/schema.org","@graph":[{"@type":"WebPage","@id":"https:\/\/pampliegaassociats.com\/es\/politica-de-privacidad\/","url":"https:\/\/pampliegaassociats.com\/es\/politica-de-privacidad\/","name":"Pol\u00edtica de privacidad - Pampliega &amp; Associats","isPartOf":{"@id":"https:\/\/pampliegaassociats.com\/#website"},"datePublished":"2019-05-06T14:06:30+00:00","dateModified":"2019-07-05T08:45:03+00:00","breadcrumb":{"@id":"https:\/\/pampliegaassociats.com\/es\/politica-de-privacidad\/#breadcrumb"},"inLanguage":"es","potentialAction":[{"@type":"ReadAction","target":["https:\/\/pampliegaassociats.com\/es\/politica-de-privacidad\/"]}]},{"@type":"BreadcrumbList","@id":"https:\/\/pampliegaassociats.com\/es\/politica-de-privacidad\/#breadcrumb","itemListElement":[{"@type":"ListItem","position":1,"name":"Portada","item":"https:\/\/pampliegaassociats.com\/es\/"},{"@type":"ListItem","position":2,"name":"Pol\u00edtica de privacidad"}]},{"@type":"WebSite","@id":"https:\/\/pampliegaassociats.com\/#website","url":"https:\/\/pampliegaassociats.com\/","name":"Pampliega &amp; Associats","description":"Comunicaci\u00f3 Estrat\u00e8gica Reputaci\u00f3 i Gesti\u00f3 de crisi","publisher":{"@id":"https:\/\/pampliegaassociats.com\/#organization"},"potentialAction":[{"@type":"SearchAction","target":{"@type":"EntryPoint","urlTemplate":"https:\/\/pampliegaassociats.com\/?s={search_term_string}"},"query-input":{"@type":"PropertyValueSpecification","valueRequired":true,"valueName":"search_term_string"}}],"inLanguage":"es"},{"@type":"Organization","@id":"https:\/\/pampliegaassociats.com\/#organization","name":"Pampliega & Associats","url":"https:\/\/pampliegaassociats.com\/","logo":{"@type":"ImageObject","inLanguage":"es","@id":"https:\/\/pampliegaassociats.com\/#\/schema\/logo\/image\/","url":"https:\/\/pampliegaassociats.com\/wp-content\/uploads\/2019\/02\/logo_pampliega_associats.png","contentUrl":"https:\/\/pampliegaassociats.com\/wp-content\/uploads\/2019\/02\/logo_pampliega_associats.png","width":220,"height":110,"caption":"Pampliega & Associats"},"image":{"@id":"https:\/\/pampliegaassociats.com\/#\/schema\/logo\/image\/"}}]}},"featured_image_src":null,"featured_image_src_square":null,"_links":{"self":[{"href":"https:\/\/pampliegaassociats.com\/es\/wp-json\/wp\/v2\/pages\/593","targetHints":{"allow":["GET"]}}],"collection":[{"href":"https:\/\/pampliegaassociats.com\/es\/wp-json\/wp\/v2\/pages"}],"about":[{"href":"https:\/\/pampliegaassociats.com\/es\/wp-json\/wp\/v2\/types\/page"}],"author":[{"embeddable":true,"href":"https:\/\/pampliegaassociats.com\/es\/wp-json\/wp\/v2\/users\/1"}],"replies":[{"embeddable":true,"href":"https:\/\/pampliegaassociats.com\/es\/wp-json\/wp\/v2\/comments?post=593"}],"version-history":[{"count":3,"href":"https:\/\/pampliegaassociats.com\/es\/wp-json\/wp\/v2\/pages\/593\/revisions"}],"predecessor-version":[{"id":631,"href":"https:\/\/pampliegaassociats.com\/es\/wp-json\/wp\/v2\/pages\/593\/revisions\/631"}],"wp:attachment":[{"href":"https:\/\/pampliegaassociats.com\/es\/wp-json\/wp\/v2\/media?parent=593"}],"curies":[{"name":"wp","href":"https:\/\/api.w.org\/{rel}","templated":true}]}}