{"id":2547,"date":"2022-01-25T15:23:13","date_gmt":"2022-01-25T14:23:13","guid":{"rendered":"https:\/\/pampliegaassociats.com\/?page_id=2547"},"modified":"2022-01-25T15:23:55","modified_gmt":"2022-01-25T14:23:55","slug":"insights-pa","status":"publish","type":"page","link":"https:\/\/pampliegaassociats.com\/es\/insights-pa\/","title":{"rendered":"Insights P&#038;A"},"content":{"rendered":"\n<div class=\"wp-block-columns alignwide has-2-columns column_inside_02 is-layout-flex wp-container-core-columns-is-layout-9d6595d7 wp-block-columns-is-layout-flex\">\n<div class=\"wp-block-column is-layout-flow wp-block-column-is-layout-flow\">\n<div class=\"wp-block-ga-block-animation-block\"><div style=\"z-index:1\" class=\"gutenberg-animate-block animated hide-before no-delay slow\" data-in=\"fadeIn\" data-reset=\"false\" data-emergence=\"hidden\">\n<figure class=\"wp-block-image\"><img loading=\"lazy\" decoding=\"async\" width=\"239\" height=\"456\" src=\"https:\/\/pampliegaassociats.com\/wp-content\/uploads\/2019\/02\/img_alianzas.jpg\" alt=\"Aliances estrat\u00e8giques\" class=\"wp-image-270\" srcset=\"https:\/\/pampliegaassociats.com\/wp-content\/uploads\/2019\/02\/img_alianzas.jpg 239w, https:\/\/pampliegaassociats.com\/wp-content\/uploads\/2019\/02\/img_alianzas-79x150.jpg 79w, https:\/\/pampliegaassociats.com\/wp-content\/uploads\/2019\/02\/img_alianzas-157x300.jpg 157w\" sizes=\"auto, (max-width: 239px) 100vw, 239px\" \/><\/figure>\n<\/div><\/div>\n<\/div>\n\n\n\n<div class=\"wp-block-column is-layout-flow wp-block-column-is-layout-flow\">\n<h1 class=\"wp-block-heading\">Insights P&amp;A<\/h1>\n\n\n<section class=\"ab-block-post-grid featuredpost aligncenter\"><div class=\"ab-post-grid-items is-grid columns-2\"><article id=\"post-4808\" class=\"ab-post-grid-item post-4808 post type-post status-publish format-standard has-post-thumbnail hentry category-insights-pa-es entry\"><div class=\"ab-block-post-grid-image\"><a href=\"https:\/\/pampliegaassociats.com\/es\/pa-se-adhiere-al-pacto-para-el-ahorro-energetico\/\" rel=\"bookmark\" aria-hidden=\"true\" tabindex=\"-1\"><img loading=\"lazy\" decoding=\"async\" width=\"1241\" height=\"1754\" src=\"https:\/\/pampliegaassociats.com\/wp-content\/uploads\/2022\/11\/mersures_energetiques_EMPRESES-A4_ESP_page-0001.jpg\" class=\"attachment-full size-full\" alt=\"\" srcset=\"https:\/\/pampliegaassociats.com\/wp-content\/uploads\/2022\/11\/mersures_energetiques_EMPRESES-A4_ESP_page-0001.jpg 1241w, https:\/\/pampliegaassociats.com\/wp-content\/uploads\/2022\/11\/mersures_energetiques_EMPRESES-A4_ESP_page-0001-212x300.jpg 212w, https:\/\/pampliegaassociats.com\/wp-content\/uploads\/2022\/11\/mersures_energetiques_EMPRESES-A4_ESP_page-0001-725x1024.jpg 725w, https:\/\/pampliegaassociats.com\/wp-content\/uploads\/2022\/11\/mersures_energetiques_EMPRESES-A4_ESP_page-0001-106x150.jpg 106w, https:\/\/pampliegaassociats.com\/wp-content\/uploads\/2022\/11\/mersures_energetiques_EMPRESES-A4_ESP_page-0001-768x1085.jpg 768w, https:\/\/pampliegaassociats.com\/wp-content\/uploads\/2022\/11\/mersures_energetiques_EMPRESES-A4_ESP_page-0001-142x200.jpg 142w, https:\/\/pampliegaassociats.com\/wp-content\/uploads\/2022\/11\/mersures_energetiques_EMPRESES-A4_ESP_page-0001-1087x1536.jpg 1087w\" sizes=\"auto, (max-width: 34.9rem) calc(100vw - 2rem), (max-width: 53rem) calc(8 * (100vw \/ 12)), (min-width: 53rem) calc(6 * (100vw \/ 12)), 100vw\" \/><\/a><\/div><div class=\"ab-block-post-grid-text\"><header class=\"ab-block-post-grid-header\"><h3 class=\"ab-block-post-grid-title\"><a href=\"https:\/\/pampliegaassociats.com\/es\/pa-se-adhiere-al-pacto-para-el-ahorro-energetico\/\" rel=\"bookmark\">P&#038;A se adhiere al Pacto para el ahorro energ\u00e9tico<\/a><\/h3><div class=\"ab-block-post-grid-byline\"><\/div><\/header><div class=\"ab-block-post-grid-excerpt\"><p>P&amp;A se adhiere al Pacto para el ahorro energ\u00e9tico Siguiendo nuestros principios de sostenibilidad nos hemos adherido al Pacto para el ahorro energ\u00e9tico promovido por el Gobierno de Andorra.<\/p>\n<p><a class=\"ab-block-post-grid-more-link ab-text-link\" href=\"https:\/\/pampliegaassociats.com\/es\/pa-se-adhiere-al-pacto-para-el-ahorro-energetico\/\" rel=\"bookmark\">Leer <span class=\"screen-reader-text\">P&#038;A se adhiere al Pacto para el ahorro energ\u00e9tico<\/span><\/a><\/p><\/div><\/div><\/article>\n<article id=\"post-4056\" class=\"ab-post-grid-item post-4056 post type-post status-publish format-standard has-post-thumbnail hentry category-insights-pa-es entry\"><div class=\"ab-block-post-grid-image\"><a href=\"https:\/\/pampliegaassociats.com\/es\/que-aporta-el-posicionamiento-estrategico-a-la-comunicacion\/\" rel=\"bookmark\" aria-hidden=\"true\" tabindex=\"-1\"><img loading=\"lazy\" decoding=\"async\" width=\"1920\" height=\"1282\" src=\"https:\/\/pampliegaassociats.com\/wp-content\/uploads\/2022\/09\/ryoji-iwata-IBaVuZsJJTo-unsplash.jpg\" class=\"attachment-full size-full\" alt=\"\" srcset=\"https:\/\/pampliegaassociats.com\/wp-content\/uploads\/2022\/09\/ryoji-iwata-IBaVuZsJJTo-unsplash.jpg 1920w, https:\/\/pampliegaassociats.com\/wp-content\/uploads\/2022\/09\/ryoji-iwata-IBaVuZsJJTo-unsplash-300x200.jpg 300w, https:\/\/pampliegaassociats.com\/wp-content\/uploads\/2022\/09\/ryoji-iwata-IBaVuZsJJTo-unsplash-1024x684.jpg 1024w, https:\/\/pampliegaassociats.com\/wp-content\/uploads\/2022\/09\/ryoji-iwata-IBaVuZsJJTo-unsplash-150x100.jpg 150w, https:\/\/pampliegaassociats.com\/wp-content\/uploads\/2022\/09\/ryoji-iwata-IBaVuZsJJTo-unsplash-768x513.jpg 768w, https:\/\/pampliegaassociats.com\/wp-content\/uploads\/2022\/09\/ryoji-iwata-IBaVuZsJJTo-unsplash-200x134.jpg 200w, https:\/\/pampliegaassociats.com\/wp-content\/uploads\/2022\/09\/ryoji-iwata-IBaVuZsJJTo-unsplash-1536x1026.jpg 1536w, https:\/\/pampliegaassociats.com\/wp-content\/uploads\/2022\/09\/ryoji-iwata-IBaVuZsJJTo-unsplash-600x400.jpg 600w, https:\/\/pampliegaassociats.com\/wp-content\/uploads\/2022\/09\/ryoji-iwata-IBaVuZsJJTo-unsplash-1568x1047.jpg 1568w\" sizes=\"auto, (max-width: 34.9rem) calc(100vw - 2rem), (max-width: 53rem) calc(8 * (100vw \/ 12)), (min-width: 53rem) calc(6 * (100vw \/ 12)), 100vw\" \/><\/a><\/div><div class=\"ab-block-post-grid-text\"><header class=\"ab-block-post-grid-header\"><h3 class=\"ab-block-post-grid-title\"><a href=\"https:\/\/pampliegaassociats.com\/es\/que-aporta-el-posicionamiento-estrategico-a-la-comunicacion\/\" rel=\"bookmark\">\u00bfQu\u00e9 aporta el posicionamiento estrat\u00e9gico a la comunicaci\u00f3n?<\/a><\/h3><div class=\"ab-block-post-grid-byline\"><\/div><\/header><div class=\"ab-block-post-grid-excerpt\"><p>\u00bfQu\u00e9 aporta el posicionamiento estrat\u00e9gico a la comunicaci\u00f3n? Hace a\u00f1os ya que estamos inmersos en un entorno global de exceso y de hiper competencia. Hay una cantidad ingente de productos,&hellip;<\/p>\n<p><a class=\"ab-block-post-grid-more-link ab-text-link\" href=\"https:\/\/pampliegaassociats.com\/es\/que-aporta-el-posicionamiento-estrategico-a-la-comunicacion\/\" rel=\"bookmark\">Leer <span class=\"screen-reader-text\">\u00bfQu\u00e9 aporta el posicionamiento estrat\u00e9gico a la comunicaci\u00f3n?<\/span><\/a><\/p><\/div><\/div><\/article>\n<article id=\"post-2926\" class=\"ab-post-grid-item post-2926 post type-post status-publish format-standard has-post-thumbnail hentry category-insights-pa-es entry\"><div class=\"ab-block-post-grid-image\"><a href=\"https:\/\/pampliegaassociats.com\/es\/la-comunicacion-como-agente-de-cambio-para-consolidar-los-propositos-y-valores-de-la-empresa\/\" rel=\"bookmark\" aria-hidden=\"true\" tabindex=\"-1\"><img loading=\"lazy\" decoding=\"async\" width=\"1920\" height=\"1440\" src=\"https:\/\/pampliegaassociats.com\/wp-content\/uploads\/2022\/05\/geran-de-klerk-qzgN45hseN0-unsplash.jpg\" class=\"attachment-full size-full\" alt=\"\" srcset=\"https:\/\/pampliegaassociats.com\/wp-content\/uploads\/2022\/05\/geran-de-klerk-qzgN45hseN0-unsplash.jpg 1920w, https:\/\/pampliegaassociats.com\/wp-content\/uploads\/2022\/05\/geran-de-klerk-qzgN45hseN0-unsplash-300x225.jpg 300w, https:\/\/pampliegaassociats.com\/wp-content\/uploads\/2022\/05\/geran-de-klerk-qzgN45hseN0-unsplash-1024x768.jpg 1024w, https:\/\/pampliegaassociats.com\/wp-content\/uploads\/2022\/05\/geran-de-klerk-qzgN45hseN0-unsplash-150x113.jpg 150w, https:\/\/pampliegaassociats.com\/wp-content\/uploads\/2022\/05\/geran-de-klerk-qzgN45hseN0-unsplash-768x576.jpg 768w, https:\/\/pampliegaassociats.com\/wp-content\/uploads\/2022\/05\/geran-de-klerk-qzgN45hseN0-unsplash-200x150.jpg 200w, https:\/\/pampliegaassociats.com\/wp-content\/uploads\/2022\/05\/geran-de-klerk-qzgN45hseN0-unsplash-1536x1152.jpg 1536w, https:\/\/pampliegaassociats.com\/wp-content\/uploads\/2022\/05\/geran-de-klerk-qzgN45hseN0-unsplash-1568x1176.jpg 1568w\" sizes=\"auto, (max-width: 34.9rem) calc(100vw - 2rem), (max-width: 53rem) calc(8 * (100vw \/ 12)), (min-width: 53rem) calc(6 * (100vw \/ 12)), 100vw\" \/><\/a><\/div><div class=\"ab-block-post-grid-text\"><header class=\"ab-block-post-grid-header\"><h3 class=\"ab-block-post-grid-title\"><a href=\"https:\/\/pampliegaassociats.com\/es\/la-comunicacion-como-agente-de-cambio-para-consolidar-los-propositos-y-valores-de-la-empresa\/\" rel=\"bookmark\">La comunicaci\u00f3n como agente de cambio para consolidar los prop\u00f3sitos y valores de la empresa<\/a><\/h3><div class=\"ab-block-post-grid-byline\"><\/div><\/header><div class=\"ab-block-post-grid-excerpt\"><p>La comunicaci\u00f3n como agente de cambio para consolidar los prop\u00f3sitos y valores de la empresa Tal y como dec\u00edamos en el blog La voz de la Marca el nuevo branding&hellip;<\/p>\n<p><a class=\"ab-block-post-grid-more-link ab-text-link\" href=\"https:\/\/pampliegaassociats.com\/es\/la-comunicacion-como-agente-de-cambio-para-consolidar-los-propositos-y-valores-de-la-empresa\/\" rel=\"bookmark\">Leer <span class=\"screen-reader-text\">La comunicaci\u00f3n como agente de cambio para consolidar los prop\u00f3sitos y valores de la empresa<\/span><\/a><\/p><\/div><\/div><\/article>\n<article id=\"post-2443\" class=\"ab-post-grid-item post-2443 post type-post status-publish format-standard has-post-thumbnail hentry category-insights-pa-es entry\"><div class=\"ab-block-post-grid-image\"><a href=\"https:\/\/pampliegaassociats.com\/es\/project-managing\/\" rel=\"bookmark\" aria-hidden=\"true\" tabindex=\"-1\"><img loading=\"lazy\" decoding=\"async\" width=\"1920\" height=\"1080\" src=\"https:\/\/pampliegaassociats.com\/wp-content\/uploads\/2021\/12\/Fases-del-project-managing-3.jpg\" class=\"attachment-full size-full\" alt=\"\" srcset=\"https:\/\/pampliegaassociats.com\/wp-content\/uploads\/2021\/12\/Fases-del-project-managing-3.jpg 1920w, https:\/\/pampliegaassociats.com\/wp-content\/uploads\/2021\/12\/Fases-del-project-managing-3-300x169.jpg 300w, https:\/\/pampliegaassociats.com\/wp-content\/uploads\/2021\/12\/Fases-del-project-managing-3-1024x576.jpg 1024w, https:\/\/pampliegaassociats.com\/wp-content\/uploads\/2021\/12\/Fases-del-project-managing-3-150x84.jpg 150w, https:\/\/pampliegaassociats.com\/wp-content\/uploads\/2021\/12\/Fases-del-project-managing-3-768x432.jpg 768w, https:\/\/pampliegaassociats.com\/wp-content\/uploads\/2021\/12\/Fases-del-project-managing-3-200x113.jpg 200w, https:\/\/pampliegaassociats.com\/wp-content\/uploads\/2021\/12\/Fases-del-project-managing-3-1536x864.jpg 1536w, https:\/\/pampliegaassociats.com\/wp-content\/uploads\/2021\/12\/Fases-del-project-managing-3-1568x882.jpg 1568w\" sizes=\"auto, (max-width: 34.9rem) calc(100vw - 2rem), (max-width: 53rem) calc(8 * (100vw \/ 12)), (min-width: 53rem) calc(6 * (100vw \/ 12)), 100vw\" \/><\/a><\/div><div class=\"ab-block-post-grid-text\"><header class=\"ab-block-post-grid-header\"><h3 class=\"ab-block-post-grid-title\"><a href=\"https:\/\/pampliegaassociats.com\/es\/project-managing\/\" rel=\"bookmark\">La comunicaci\u00f3n es un factor determinante para el \u00e9xito de los proyectos<\/a><\/h3><div class=\"ab-block-post-grid-byline\"><\/div><\/header><div class=\"ab-block-post-grid-excerpt\"><p>La comunicaci\u00f3n es un factor determinante para el \u00e9xito de los proyectos El project managing services o la gesti\u00f3n del proyecto es uno de los Servicios que ofrecemos a Pampliega&hellip;<\/p>\n<p><a class=\"ab-block-post-grid-more-link ab-text-link\" href=\"https:\/\/pampliegaassociats.com\/es\/project-managing\/\" rel=\"bookmark\">Leer <span class=\"screen-reader-text\">La comunicaci\u00f3n es un factor determinante para el \u00e9xito de los proyectos<\/span><\/a><\/p><\/div><\/div><\/article>\n<article id=\"post-2292\" class=\"ab-post-grid-item post-2292 post type-post status-publish format-standard has-post-thumbnail hentry category-insights-pa-es entry\"><div class=\"ab-block-post-grid-image\"><a href=\"https:\/\/pampliegaassociats.com\/es\/marca-rsc\/\" rel=\"bookmark\" aria-hidden=\"true\" tabindex=\"-1\"><img loading=\"lazy\" decoding=\"async\" width=\"2560\" height=\"1706\" src=\"https:\/\/pampliegaassociats.com\/wp-content\/uploads\/2021\/09\/bench-accounting-nvzvOPQW0gc-unsplash-scaled.jpg\" class=\"attachment-full size-full\" alt=\"\" srcset=\"https:\/\/pampliegaassociats.com\/wp-content\/uploads\/2021\/09\/bench-accounting-nvzvOPQW0gc-unsplash-scaled.jpg 2560w, https:\/\/pampliegaassociats.com\/wp-content\/uploads\/2021\/09\/bench-accounting-nvzvOPQW0gc-unsplash-300x200.jpg 300w, https:\/\/pampliegaassociats.com\/wp-content\/uploads\/2021\/09\/bench-accounting-nvzvOPQW0gc-unsplash-1024x683.jpg 1024w, https:\/\/pampliegaassociats.com\/wp-content\/uploads\/2021\/09\/bench-accounting-nvzvOPQW0gc-unsplash-150x100.jpg 150w, https:\/\/pampliegaassociats.com\/wp-content\/uploads\/2021\/09\/bench-accounting-nvzvOPQW0gc-unsplash-768x512.jpg 768w, https:\/\/pampliegaassociats.com\/wp-content\/uploads\/2021\/09\/bench-accounting-nvzvOPQW0gc-unsplash-200x133.jpg 200w, https:\/\/pampliegaassociats.com\/wp-content\/uploads\/2021\/09\/bench-accounting-nvzvOPQW0gc-unsplash-1536x1024.jpg 1536w, https:\/\/pampliegaassociats.com\/wp-content\/uploads\/2021\/09\/bench-accounting-nvzvOPQW0gc-unsplash-2048x1365.jpg 2048w, https:\/\/pampliegaassociats.com\/wp-content\/uploads\/2021\/09\/bench-accounting-nvzvOPQW0gc-unsplash-600x400.jpg 600w, https:\/\/pampliegaassociats.com\/wp-content\/uploads\/2021\/09\/bench-accounting-nvzvOPQW0gc-unsplash-1568x1045.jpg 1568w\" sizes=\"auto, (max-width: 34.9rem) calc(100vw - 2rem), (max-width: 53rem) calc(8 * (100vw \/ 12)), (min-width: 53rem) calc(6 * (100vw \/ 12)), 100vw\" \/><\/a><\/div><div class=\"ab-block-post-grid-text\"><header class=\"ab-block-post-grid-header\"><h3 class=\"ab-block-post-grid-title\"><a href=\"https:\/\/pampliegaassociats.com\/es\/marca-rsc\/\" rel=\"bookmark\">La voz de la marca<\/a><\/h3><div class=\"ab-block-post-grid-byline\"><\/div><\/header><div class=\"ab-block-post-grid-excerpt\"><p>La voz de la marca Si bien es cierto que en el pasado los modelos de construcci\u00f3n de marca se centraban en la habilidad de la empresa para conocer y&hellip;<\/p>\n<p><a class=\"ab-block-post-grid-more-link ab-text-link\" href=\"https:\/\/pampliegaassociats.com\/es\/marca-rsc\/\" rel=\"bookmark\">Leer <span class=\"screen-reader-text\">La voz de la marca<\/span><\/a><\/p><\/div><\/div><\/article>\n<article id=\"post-2928\" class=\"ab-post-grid-item post-2928 post type-post status-publish format-standard has-post-thumbnail hentry category-insights-pa-es entry\"><div class=\"ab-block-post-grid-image\"><a href=\"https:\/\/pampliegaassociats.com\/es\/la-comunicacion-instrumento-clave-para-integrar-los-ods-en-los-organismos-y-las-empresas\/\" rel=\"bookmark\" aria-hidden=\"true\" tabindex=\"-1\"><img loading=\"lazy\" decoding=\"async\" width=\"2560\" height=\"1707\" src=\"https:\/\/pampliegaassociats.com\/wp-content\/uploads\/2021\/07\/greg-rakozy-oMpAz-DN-9I-unsplash-min-scaled.jpg\" class=\"attachment-full size-full\" alt=\"\" srcset=\"https:\/\/pampliegaassociats.com\/wp-content\/uploads\/2021\/07\/greg-rakozy-oMpAz-DN-9I-unsplash-min-scaled.jpg 2560w, https:\/\/pampliegaassociats.com\/wp-content\/uploads\/2021\/07\/greg-rakozy-oMpAz-DN-9I-unsplash-min-300x200.jpg 300w, https:\/\/pampliegaassociats.com\/wp-content\/uploads\/2021\/07\/greg-rakozy-oMpAz-DN-9I-unsplash-min-1024x683.jpg 1024w, https:\/\/pampliegaassociats.com\/wp-content\/uploads\/2021\/07\/greg-rakozy-oMpAz-DN-9I-unsplash-min-150x100.jpg 150w, https:\/\/pampliegaassociats.com\/wp-content\/uploads\/2021\/07\/greg-rakozy-oMpAz-DN-9I-unsplash-min-768x512.jpg 768w, https:\/\/pampliegaassociats.com\/wp-content\/uploads\/2021\/07\/greg-rakozy-oMpAz-DN-9I-unsplash-min-200x133.jpg 200w, https:\/\/pampliegaassociats.com\/wp-content\/uploads\/2021\/07\/greg-rakozy-oMpAz-DN-9I-unsplash-min-1536x1024.jpg 1536w, https:\/\/pampliegaassociats.com\/wp-content\/uploads\/2021\/07\/greg-rakozy-oMpAz-DN-9I-unsplash-min-2048x1365.jpg 2048w, https:\/\/pampliegaassociats.com\/wp-content\/uploads\/2021\/07\/greg-rakozy-oMpAz-DN-9I-unsplash-min-600x400.jpg 600w, https:\/\/pampliegaassociats.com\/wp-content\/uploads\/2021\/07\/greg-rakozy-oMpAz-DN-9I-unsplash-min-1568x1045.jpg 1568w\" sizes=\"auto, (max-width: 34.9rem) calc(100vw - 2rem), (max-width: 53rem) calc(8 * (100vw \/ 12)), (min-width: 53rem) calc(6 * (100vw \/ 12)), 100vw\" \/><\/a><\/div><div class=\"ab-block-post-grid-text\"><header class=\"ab-block-post-grid-header\"><h3 class=\"ab-block-post-grid-title\"><a href=\"https:\/\/pampliegaassociats.com\/es\/la-comunicacion-instrumento-clave-para-integrar-los-ods-en-los-organismos-y-las-empresas\/\" rel=\"bookmark\">La comunicaci\u00f3n instrumento clave para integrar los ODS en los organismos y las empresas<\/a><\/h3><div class=\"ab-block-post-grid-byline\"><\/div><\/header><div class=\"ab-block-post-grid-excerpt\"><p>La comunicaci\u00f3n instrumento clave para integrar los ODS en los organismos y las empresas Desde 2015, a\u00f1o en que las Naciones Unidas adoptaron la Agenda 2030 para el Desarrollo Sostenible,&hellip;<\/p>\n<p><a class=\"ab-block-post-grid-more-link ab-text-link\" href=\"https:\/\/pampliegaassociats.com\/es\/la-comunicacion-instrumento-clave-para-integrar-los-ods-en-los-organismos-y-las-empresas\/\" rel=\"bookmark\">Leer <span class=\"screen-reader-text\">La comunicaci\u00f3n instrumento clave para integrar los ODS en los organismos y las empresas<\/span><\/a><\/p><\/div><\/div><\/article>\n<article id=\"post-1906\" class=\"ab-post-grid-item post-1906 post type-post status-publish format-standard has-post-thumbnail hentry category-insights-pa-es entry\"><div class=\"ab-block-post-grid-image\"><a href=\"https:\/\/pampliegaassociats.com\/es\/comunicacion-estrategica-cultural\/\" rel=\"bookmark\" aria-hidden=\"true\" tabindex=\"-1\"><img loading=\"lazy\" decoding=\"async\" width=\"1280\" height=\"853\" src=\"https:\/\/pampliegaassociats.com\/wp-content\/uploads\/2021\/04\/WhatsApp-Image-2021-04-06-at-19.32.04-1.jpeg\" class=\"attachment-full size-full\" alt=\"\" srcset=\"https:\/\/pampliegaassociats.com\/wp-content\/uploads\/2021\/04\/WhatsApp-Image-2021-04-06-at-19.32.04-1.jpeg 1280w, https:\/\/pampliegaassociats.com\/wp-content\/uploads\/2021\/04\/WhatsApp-Image-2021-04-06-at-19.32.04-1-300x200.jpeg 300w, https:\/\/pampliegaassociats.com\/wp-content\/uploads\/2021\/04\/WhatsApp-Image-2021-04-06-at-19.32.04-1-1024x682.jpeg 1024w, https:\/\/pampliegaassociats.com\/wp-content\/uploads\/2021\/04\/WhatsApp-Image-2021-04-06-at-19.32.04-1-150x100.jpeg 150w, https:\/\/pampliegaassociats.com\/wp-content\/uploads\/2021\/04\/WhatsApp-Image-2021-04-06-at-19.32.04-1-768x512.jpeg 768w, https:\/\/pampliegaassociats.com\/wp-content\/uploads\/2021\/04\/WhatsApp-Image-2021-04-06-at-19.32.04-1-200x133.jpeg 200w, https:\/\/pampliegaassociats.com\/wp-content\/uploads\/2021\/04\/WhatsApp-Image-2021-04-06-at-19.32.04-1-600x400.jpeg 600w\" sizes=\"auto, (max-width: 34.9rem) calc(100vw - 2rem), (max-width: 53rem) calc(8 * (100vw \/ 12)), (min-width: 53rem) calc(6 * (100vw \/ 12)), 100vw\" \/><\/a><\/div><div class=\"ab-block-post-grid-text\"><header class=\"ab-block-post-grid-header\"><h3 class=\"ab-block-post-grid-title\"><a href=\"https:\/\/pampliegaassociats.com\/es\/comunicacion-estrategica-cultural\/\" rel=\"bookmark\">La comunicaci\u00f3n estrat\u00e9gica en el \u00e1mbito cultural: la magia detr\u00e1s del tel\u00f3n<\/a><\/h3><div class=\"ab-block-post-grid-byline\"><\/div><\/header><div class=\"ab-block-post-grid-excerpt\"><p>La comunicaci\u00f3n estrat\u00e9gica en el \u00e1mbito cultural: la magia detr\u00e1s del tel\u00f3n Cuando se idea un plan de comunicaci\u00f3n estrat\u00e9gico por un acontecimiento cultural, la hora de la verdad no&hellip;<\/p>\n<p><a class=\"ab-block-post-grid-more-link ab-text-link\" href=\"https:\/\/pampliegaassociats.com\/es\/comunicacion-estrategica-cultural\/\" rel=\"bookmark\">Leer <span class=\"screen-reader-text\">La comunicaci\u00f3n estrat\u00e9gica en el \u00e1mbito cultural: la magia detr\u00e1s del tel\u00f3n<\/span><\/a><\/p><\/div><\/div><\/article>\n<article id=\"post-1786\" class=\"ab-post-grid-item post-1786 post type-post status-publish format-standard has-post-thumbnail hentry category-insights-pa-es entry\"><div class=\"ab-block-post-grid-image\"><a href=\"https:\/\/pampliegaassociats.com\/es\/pack-lanzamiento-de-marca-con-pampliega-associats\/\" rel=\"bookmark\" aria-hidden=\"true\" tabindex=\"-1\"><img loading=\"lazy\" decoding=\"async\" width=\"1050\" height=\"700\" src=\"https:\/\/pampliegaassociats.com\/wp-content\/uploads\/2021\/01\/3.jpg\" class=\"attachment-full size-full\" alt=\"\" srcset=\"https:\/\/pampliegaassociats.com\/wp-content\/uploads\/2021\/01\/3.jpg 1050w, https:\/\/pampliegaassociats.com\/wp-content\/uploads\/2021\/01\/3-300x200.jpg 300w, https:\/\/pampliegaassociats.com\/wp-content\/uploads\/2021\/01\/3-1024x683.jpg 1024w, https:\/\/pampliegaassociats.com\/wp-content\/uploads\/2021\/01\/3-150x100.jpg 150w, https:\/\/pampliegaassociats.com\/wp-content\/uploads\/2021\/01\/3-768x512.jpg 768w, https:\/\/pampliegaassociats.com\/wp-content\/uploads\/2021\/01\/3-200x133.jpg 200w, https:\/\/pampliegaassociats.com\/wp-content\/uploads\/2021\/01\/3-600x400.jpg 600w\" sizes=\"auto, (max-width: 34.9rem) calc(100vw - 2rem), (max-width: 53rem) calc(8 * (100vw \/ 12)), (min-width: 53rem) calc(6 * (100vw \/ 12)), 100vw\" \/><\/a><\/div><div class=\"ab-block-post-grid-text\"><header class=\"ab-block-post-grid-header\"><h3 class=\"ab-block-post-grid-title\"><a href=\"https:\/\/pampliegaassociats.com\/es\/pack-lanzamiento-de-marca-con-pampliega-associats\/\" rel=\"bookmark\">Pack lanzamiento de marca con Pampliega &#038; Associats<\/a><\/h3><div class=\"ab-block-post-grid-byline\"><\/div><\/header><div class=\"ab-block-post-grid-excerpt\"><p>Pack lanzamiento de marca con Pampliega &amp; Associats &nbsp; &nbsp; Este nuevo a\u00f1o llega con novedades a Pampliega &amp; Associats. Para profundizar en nuestro servicio de estrategia de marca y&hellip;<\/p>\n<p><a class=\"ab-block-post-grid-more-link ab-text-link\" href=\"https:\/\/pampliegaassociats.com\/es\/pack-lanzamiento-de-marca-con-pampliega-associats\/\" rel=\"bookmark\">Leer <span class=\"screen-reader-text\">Pack lanzamiento de marca con Pampliega &#038; Associats<\/span><\/a><\/p><\/div><\/div><\/article>\n<article id=\"post-1706\" class=\"ab-post-grid-item post-1706 post type-post status-publish format-standard has-post-thumbnail hentry category-insights-pa-es entry\"><div class=\"ab-block-post-grid-image\"><a href=\"https:\/\/pampliegaassociats.com\/es\/felicitacion-navidad-pampliega-associats-2020\/\" rel=\"bookmark\" aria-hidden=\"true\" tabindex=\"-1\"><img loading=\"lazy\" decoding=\"async\" width=\"1747\" height=\"1240\" src=\"https:\/\/pampliegaassociats.com\/wp-content\/uploads\/2020\/12\/Felicitacio-Nadal-PA.jpg\" class=\"attachment-full size-full\" alt=\"\" srcset=\"https:\/\/pampliegaassociats.com\/wp-content\/uploads\/2020\/12\/Felicitacio-Nadal-PA.jpg 1747w, https:\/\/pampliegaassociats.com\/wp-content\/uploads\/2020\/12\/Felicitacio-Nadal-PA-300x213.jpg 300w, https:\/\/pampliegaassociats.com\/wp-content\/uploads\/2020\/12\/Felicitacio-Nadal-PA-1024x727.jpg 1024w, https:\/\/pampliegaassociats.com\/wp-content\/uploads\/2020\/12\/Felicitacio-Nadal-PA-150x106.jpg 150w, https:\/\/pampliegaassociats.com\/wp-content\/uploads\/2020\/12\/Felicitacio-Nadal-PA-768x545.jpg 768w, https:\/\/pampliegaassociats.com\/wp-content\/uploads\/2020\/12\/Felicitacio-Nadal-PA-200x142.jpg 200w, https:\/\/pampliegaassociats.com\/wp-content\/uploads\/2020\/12\/Felicitacio-Nadal-PA-1536x1090.jpg 1536w, https:\/\/pampliegaassociats.com\/wp-content\/uploads\/2020\/12\/Felicitacio-Nadal-PA-1568x1113.jpg 1568w\" sizes=\"auto, (max-width: 34.9rem) calc(100vw - 2rem), (max-width: 53rem) calc(8 * (100vw \/ 12)), (min-width: 53rem) calc(6 * (100vw \/ 12)), 100vw\" \/><\/a><\/div><div class=\"ab-block-post-grid-text\"><header class=\"ab-block-post-grid-header\"><h3 class=\"ab-block-post-grid-title\"><a href=\"https:\/\/pampliegaassociats.com\/es\/felicitacion-navidad-pampliega-associats-2020\/\" rel=\"bookmark\">Sin t\u00edtulo<\/a><\/h3><div class=\"ab-block-post-grid-byline\"><\/div><\/header><div class=\"ab-block-post-grid-excerpt\"><p>Felicitaci\u00f3n de Navidad P&amp;A \u00a1Pampliega &amp; Associats os desea unas felices fiestas y un 2021 con salud y oportunidades!<\/p>\n<p><a class=\"ab-block-post-grid-more-link ab-text-link\" href=\"https:\/\/pampliegaassociats.com\/es\/felicitacion-navidad-pampliega-associats-2020\/\" rel=\"bookmark\">Leer <span class=\"screen-reader-text\">Sin t\u00edtulo<\/span><\/a><\/p><\/div><\/div><\/article>\n<article id=\"post-1688\" class=\"ab-post-grid-item post-1688 post type-post status-publish format-standard has-post-thumbnail hentry category-insights-pa-es entry\"><div class=\"ab-block-post-grid-image\"><a href=\"https:\/\/pampliegaassociats.com\/es\/tendencias-marcas-2021-comunicacion-estrategica\/\" rel=\"bookmark\" aria-hidden=\"true\" tabindex=\"-1\"><img loading=\"lazy\" decoding=\"async\" width=\"1395\" height=\"878\" src=\"https:\/\/pampliegaassociats.com\/wp-content\/uploads\/2020\/12\/1.jpg\" class=\"attachment-full size-full\" alt=\"\" srcset=\"https:\/\/pampliegaassociats.com\/wp-content\/uploads\/2020\/12\/1.jpg 1395w, https:\/\/pampliegaassociats.com\/wp-content\/uploads\/2020\/12\/1-300x189.jpg 300w, https:\/\/pampliegaassociats.com\/wp-content\/uploads\/2020\/12\/1-1024x644.jpg 1024w, https:\/\/pampliegaassociats.com\/wp-content\/uploads\/2020\/12\/1-150x94.jpg 150w, https:\/\/pampliegaassociats.com\/wp-content\/uploads\/2020\/12\/1-768x483.jpg 768w, https:\/\/pampliegaassociats.com\/wp-content\/uploads\/2020\/12\/1-200x126.jpg 200w\" sizes=\"auto, (max-width: 34.9rem) calc(100vw - 2rem), (max-width: 53rem) calc(8 * (100vw \/ 12)), (min-width: 53rem) calc(6 * (100vw \/ 12)), 100vw\" \/><\/a><\/div><div class=\"ab-block-post-grid-text\"><header class=\"ab-block-post-grid-header\"><h3 class=\"ab-block-post-grid-title\"><a href=\"https:\/\/pampliegaassociats.com\/es\/tendencias-marcas-2021-comunicacion-estrategica\/\" rel=\"bookmark\">Retos de las marcas por 2021: escuchar y adaptarse<\/a><\/h3><div class=\"ab-block-post-grid-byline\"><\/div><\/header><div class=\"ab-block-post-grid-excerpt\"><p>Retos de las marcas por 2021: escuchar y adaptarse Sin duda recordaremos el 2020, por la pandemia de la Covid-19, el impacto econ\u00f3mico y los cambios sociales que ha comportado.&hellip;<\/p>\n<p><a class=\"ab-block-post-grid-more-link ab-text-link\" href=\"https:\/\/pampliegaassociats.com\/es\/tendencias-marcas-2021-comunicacion-estrategica\/\" rel=\"bookmark\">Leer <span class=\"screen-reader-text\">Retos de las marcas por 2021: escuchar y adaptarse<\/span><\/a><\/p><\/div><\/div><\/article>\n<article id=\"post-1659\" class=\"ab-post-grid-item post-1659 post type-post status-publish format-standard has-post-thumbnail hentry category-insights-pa-es entry\"><div class=\"ab-block-post-grid-image\"><a href=\"https:\/\/pampliegaassociats.com\/es\/como-definir-la-estrategia-de-marca-ii\/\" rel=\"bookmark\" aria-hidden=\"true\" tabindex=\"-1\"><img loading=\"lazy\" decoding=\"async\" width=\"1350\" height=\"900\" src=\"https:\/\/pampliegaassociats.com\/wp-content\/uploads\/2020\/11\/valor-marca.jpg\" class=\"attachment-full size-full\" alt=\"\" srcset=\"https:\/\/pampliegaassociats.com\/wp-content\/uploads\/2020\/11\/valor-marca.jpg 1350w, https:\/\/pampliegaassociats.com\/wp-content\/uploads\/2020\/11\/valor-marca-300x200.jpg 300w, https:\/\/pampliegaassociats.com\/wp-content\/uploads\/2020\/11\/valor-marca-1024x683.jpg 1024w, https:\/\/pampliegaassociats.com\/wp-content\/uploads\/2020\/11\/valor-marca-150x100.jpg 150w, https:\/\/pampliegaassociats.com\/wp-content\/uploads\/2020\/11\/valor-marca-768x512.jpg 768w, https:\/\/pampliegaassociats.com\/wp-content\/uploads\/2020\/11\/valor-marca-200x133.jpg 200w, https:\/\/pampliegaassociats.com\/wp-content\/uploads\/2020\/11\/valor-marca-600x400.jpg 600w\" sizes=\"auto, (max-width: 34.9rem) calc(100vw - 2rem), (max-width: 53rem) calc(8 * (100vw \/ 12)), (min-width: 53rem) calc(6 * (100vw \/ 12)), 100vw\" \/><\/a><\/div><div class=\"ab-block-post-grid-text\"><header class=\"ab-block-post-grid-header\"><h3 class=\"ab-block-post-grid-title\"><a href=\"https:\/\/pampliegaassociats.com\/es\/como-definir-la-estrategia-de-marca-ii\/\" rel=\"bookmark\">C\u00f3mo definir la estrategia de marca (II)?<\/a><\/h3><div class=\"ab-block-post-grid-byline\"><\/div><\/header><div class=\"ab-block-post-grid-excerpt\"><p>Una estrategia de marca adecuada dar\u00e1 un giro de 180\u00b0 a tu empresa. Con una visi\u00f3n estrat\u00e9gica para incrementar competitividad y un prop\u00f3sito que fusione la actividad empresarial y social,&hellip;<\/p>\n<p><a class=\"ab-block-post-grid-more-link ab-text-link\" href=\"https:\/\/pampliegaassociats.com\/es\/como-definir-la-estrategia-de-marca-ii\/\" rel=\"bookmark\">Leer <span class=\"screen-reader-text\">C\u00f3mo definir la estrategia de marca (II)?<\/span><\/a><\/p><\/div><\/div><\/article>\n<article id=\"post-1631\" class=\"ab-post-grid-item post-1631 post type-post status-publish format-standard has-post-thumbnail hentry category-insights-pa-es entry\"><div class=\"ab-block-post-grid-image\"><a href=\"https:\/\/pampliegaassociats.com\/es\/estrategia-marca-comunicacion-consultoria\/\" rel=\"bookmark\" aria-hidden=\"true\" tabindex=\"-1\"><img loading=\"lazy\" decoding=\"async\" width=\"1224\" height=\"981\" src=\"https:\/\/pampliegaassociats.com\/wp-content\/uploads\/2020\/11\/1.jpg\" class=\"attachment-full size-full\" alt=\"\" srcset=\"https:\/\/pampliegaassociats.com\/wp-content\/uploads\/2020\/11\/1.jpg 1224w, https:\/\/pampliegaassociats.com\/wp-content\/uploads\/2020\/11\/1-300x240.jpg 300w, https:\/\/pampliegaassociats.com\/wp-content\/uploads\/2020\/11\/1-1024x821.jpg 1024w, https:\/\/pampliegaassociats.com\/wp-content\/uploads\/2020\/11\/1-150x120.jpg 150w, https:\/\/pampliegaassociats.com\/wp-content\/uploads\/2020\/11\/1-768x616.jpg 768w, https:\/\/pampliegaassociats.com\/wp-content\/uploads\/2020\/11\/1-200x160.jpg 200w\" sizes=\"auto, (max-width: 34.9rem) calc(100vw - 2rem), (max-width: 53rem) calc(8 * (100vw \/ 12)), (min-width: 53rem) calc(6 * (100vw \/ 12)), 100vw\" \/><\/a><\/div><div class=\"ab-block-post-grid-text\"><header class=\"ab-block-post-grid-header\"><h3 class=\"ab-block-post-grid-title\"><a href=\"https:\/\/pampliegaassociats.com\/es\/estrategia-marca-comunicacion-consultoria\/\" rel=\"bookmark\">\u00bfPor qu\u00e9 es clave una estrategia de marca (I)?<\/a><\/h3><div class=\"ab-block-post-grid-byline\"><\/div><\/header><div class=\"ab-block-post-grid-excerpt\"><p>\u00bfPor qu\u00e9 es clave una estrategia de marca (I)? El valor de marca y la reputaci\u00f3n son los activos intangibles m\u00e1s preciados Hace ya mucho tiempo que muri\u00f3 la \u00e9poca&hellip;<\/p>\n<p><a class=\"ab-block-post-grid-more-link ab-text-link\" href=\"https:\/\/pampliegaassociats.com\/es\/estrategia-marca-comunicacion-consultoria\/\" rel=\"bookmark\">Leer <span class=\"screen-reader-text\">\u00bfPor qu\u00e9 es clave una estrategia de marca (I)?<\/span><\/a><\/p><\/div><\/div><\/article>\n<article id=\"post-1598\" class=\"ab-post-grid-item post-1598 post type-post status-publish format-standard has-post-thumbnail hentry category-insights-pa-es entry\"><div class=\"ab-block-post-grid-image\"><a href=\"https:\/\/pampliegaassociats.com\/es\/comunicacion-marca-valor-lujo\/\" rel=\"bookmark\" aria-hidden=\"true\" tabindex=\"-1\"><img loading=\"lazy\" decoding=\"async\" width=\"1033\" height=\"724\" src=\"https:\/\/pampliegaassociats.com\/wp-content\/uploads\/2020\/11\/lujo1.jpg\" class=\"attachment-full size-full\" alt=\"\" srcset=\"https:\/\/pampliegaassociats.com\/wp-content\/uploads\/2020\/11\/lujo1.jpg 1033w, https:\/\/pampliegaassociats.com\/wp-content\/uploads\/2020\/11\/lujo1-300x210.jpg 300w, https:\/\/pampliegaassociats.com\/wp-content\/uploads\/2020\/11\/lujo1-1024x718.jpg 1024w, https:\/\/pampliegaassociats.com\/wp-content\/uploads\/2020\/11\/lujo1-150x105.jpg 150w, https:\/\/pampliegaassociats.com\/wp-content\/uploads\/2020\/11\/lujo1-768x538.jpg 768w, https:\/\/pampliegaassociats.com\/wp-content\/uploads\/2020\/11\/lujo1-200x140.jpg 200w\" sizes=\"auto, (max-width: 34.9rem) calc(100vw - 2rem), (max-width: 53rem) calc(8 * (100vw \/ 12)), (min-width: 53rem) calc(6 * (100vw \/ 12)), 100vw\" \/><\/a><\/div><div class=\"ab-block-post-grid-text\"><header class=\"ab-block-post-grid-header\"><h3 class=\"ab-block-post-grid-title\"><a href=\"https:\/\/pampliegaassociats.com\/es\/comunicacion-marca-valor-lujo\/\" rel=\"bookmark\">Lujo y comunicaci\u00f3n, una experiencia alrededor de la marca<\/a><\/h3><div class=\"ab-block-post-grid-byline\"><\/div><\/header><div class=\"ab-block-post-grid-excerpt\"><p>Lujo y comunicaci\u00f3n, una experiencia alrededor de la marca \u00bfQu\u00e9 es el lujo? \u00bfEl concepto la ejecuci\u00f3n? \u00bfEs el mismo lujo el actual que el de veinte a\u00f1os atr\u00e1s? Estas&hellip;<\/p>\n<p><a class=\"ab-block-post-grid-more-link ab-text-link\" href=\"https:\/\/pampliegaassociats.com\/es\/comunicacion-marca-valor-lujo\/\" rel=\"bookmark\">Leer <span class=\"screen-reader-text\">Lujo y comunicaci\u00f3n, una experiencia alrededor de la marca<\/span><\/a><\/p><\/div><\/div><\/article>\n<article id=\"post-1443\" class=\"ab-post-grid-item post-1443 post type-post status-publish format-standard has-post-thumbnail hentry category-insights-pa-es entry\"><div class=\"ab-block-post-grid-image\"><a href=\"https:\/\/pampliegaassociats.com\/es\/gestion-crisis-comunicacion-simulacros-estrategia\/\" rel=\"bookmark\" aria-hidden=\"true\" tabindex=\"-1\"><img loading=\"lazy\" decoding=\"async\" width=\"1912\" height=\"1080\" src=\"https:\/\/pampliegaassociats.com\/wp-content\/uploads\/2020\/10\/learn-by-doing-esp.png\" class=\"attachment-full size-full\" alt=\"\" srcset=\"https:\/\/pampliegaassociats.com\/wp-content\/uploads\/2020\/10\/learn-by-doing-esp.png 1912w, https:\/\/pampliegaassociats.com\/wp-content\/uploads\/2020\/10\/learn-by-doing-esp-300x169.png 300w, https:\/\/pampliegaassociats.com\/wp-content\/uploads\/2020\/10\/learn-by-doing-esp-1024x578.png 1024w, https:\/\/pampliegaassociats.com\/wp-content\/uploads\/2020\/10\/learn-by-doing-esp-150x85.png 150w, https:\/\/pampliegaassociats.com\/wp-content\/uploads\/2020\/10\/learn-by-doing-esp-768x434.png 768w, https:\/\/pampliegaassociats.com\/wp-content\/uploads\/2020\/10\/learn-by-doing-esp-200x113.png 200w, https:\/\/pampliegaassociats.com\/wp-content\/uploads\/2020\/10\/learn-by-doing-esp-1536x868.png 1536w, https:\/\/pampliegaassociats.com\/wp-content\/uploads\/2020\/10\/learn-by-doing-esp-1568x886.png 1568w\" sizes=\"auto, (max-width: 34.9rem) calc(100vw - 2rem), (max-width: 53rem) calc(8 * (100vw \/ 12)), (min-width: 53rem) calc(6 * (100vw \/ 12)), 100vw\" \/><\/a><\/div><div class=\"ab-block-post-grid-text\"><header class=\"ab-block-post-grid-header\"><h3 class=\"ab-block-post-grid-title\"><a href=\"https:\/\/pampliegaassociats.com\/es\/gestion-crisis-comunicacion-simulacros-estrategia\/\" rel=\"bookmark\">Simulacros de crisis\u00a0reputacional,\u00a0learning\u00a0by\u00a0doing. Un seminario de Institut Cerd\u00e0<\/a><\/h3><div class=\"ab-block-post-grid-byline\"><\/div><\/header><div class=\"ab-block-post-grid-excerpt\"><p>Simulacros de crisis reputacional, learning by doing. Un seminario de Institut Cerd\u00e0 &nbsp; Cuando llega el momento de gestionar una crisis, se pone a prueba toda la organizaci\u00f3n. Es por&hellip;<\/p>\n<p><a class=\"ab-block-post-grid-more-link ab-text-link\" href=\"https:\/\/pampliegaassociats.com\/es\/gestion-crisis-comunicacion-simulacros-estrategia\/\" rel=\"bookmark\">Leer <span class=\"screen-reader-text\">Simulacros de crisis\u00a0reputacional,\u00a0learning\u00a0by\u00a0doing. Un seminario de Institut Cerd\u00e0<\/span><\/a><\/p><\/div><\/div><\/article>\n<article id=\"post-1392\" class=\"ab-post-grid-item post-1392 post type-post status-publish format-standard has-post-thumbnail hentry category-insights-pa-es entry\"><div class=\"ab-block-post-grid-image\"><a href=\"https:\/\/pampliegaassociats.com\/es\/pampliega-associats-consultoria-estrategica-comunicacion-andorra\/\" rel=\"bookmark\" aria-hidden=\"true\" tabindex=\"-1\"><img loading=\"lazy\" decoding=\"async\" width=\"1747\" height=\"1240\" src=\"https:\/\/pampliegaassociats.com\/wp-content\/uploads\/2020\/10\/2-anys-PA-comp.png\" class=\"attachment-full size-full\" alt=\"\" srcset=\"https:\/\/pampliegaassociats.com\/wp-content\/uploads\/2020\/10\/2-anys-PA-comp.png 1747w, https:\/\/pampliegaassociats.com\/wp-content\/uploads\/2020\/10\/2-anys-PA-comp-300x213.png 300w, https:\/\/pampliegaassociats.com\/wp-content\/uploads\/2020\/10\/2-anys-PA-comp-1024x727.png 1024w, https:\/\/pampliegaassociats.com\/wp-content\/uploads\/2020\/10\/2-anys-PA-comp-150x106.png 150w, https:\/\/pampliegaassociats.com\/wp-content\/uploads\/2020\/10\/2-anys-PA-comp-768x545.png 768w, https:\/\/pampliegaassociats.com\/wp-content\/uploads\/2020\/10\/2-anys-PA-comp-200x142.png 200w, https:\/\/pampliegaassociats.com\/wp-content\/uploads\/2020\/10\/2-anys-PA-comp-1536x1090.png 1536w, https:\/\/pampliegaassociats.com\/wp-content\/uploads\/2020\/10\/2-anys-PA-comp-1568x1113.png 1568w\" sizes=\"auto, (max-width: 34.9rem) calc(100vw - 2rem), (max-width: 53rem) calc(8 * (100vw \/ 12)), (min-width: 53rem) calc(6 * (100vw \/ 12)), 100vw\" \/><\/a><\/div><div class=\"ab-block-post-grid-text\"><header class=\"ab-block-post-grid-header\"><h3 class=\"ab-block-post-grid-title\"><a href=\"https:\/\/pampliegaassociats.com\/es\/pampliega-associats-consultoria-estrategica-comunicacion-andorra\/\" rel=\"bookmark\">Pampliega &#038; Associats celebra dos a\u00f1os. \u00a1Gracias por la confianza!<\/a><\/h3><div class=\"ab-block-post-grid-byline\"><\/div><\/header><div class=\"ab-block-post-grid-excerpt\"><p>Pampliega &amp; Associats celebra dos a\u00f1os. \u00a1Gracias por la confianza! &nbsp; &nbsp; Llegamos a los dos a\u00f1os de vida de Pampliega &amp; Associats consolidando con \u00e9xito un proyecto de consultor\u00eda&hellip;<\/p>\n<p><a class=\"ab-block-post-grid-more-link ab-text-link\" href=\"https:\/\/pampliegaassociats.com\/es\/pampliega-associats-consultoria-estrategica-comunicacion-andorra\/\" rel=\"bookmark\">Leer <span class=\"screen-reader-text\">Pampliega &#038; Associats celebra dos a\u00f1os. \u00a1Gracias por la confianza!<\/span><\/a><\/p><\/div><\/div><\/article>\n<\/div><\/section>\n\n\n<div style=\"height:50px\" aria-hidden=\"true\" class=\"wp-block-spacer\"><\/div>\n<\/div>\n<\/div>\n","protected":false},"excerpt":{"rendered":"<p>Insights P&amp;A<\/p>\n","protected":false},"author":1,"featured_media":0,"parent":0,"menu_order":0,"comment_status":"closed","ping_status":"closed","template":"","meta":{"footnotes":""},"class_list":["post-2547","page","type-page","status-publish","hentry","entry"],"yoast_head":"<!-- This site is optimized with the Yoast SEO plugin v26.7 - https:\/\/yoast.com\/wordpress\/plugins\/seo\/ -->\n<title>Insights P&amp;A - Pampliega &amp; Associats<\/title>\n<meta name=\"robots\" content=\"index, follow, max-snippet:-1, max-image-preview:large, max-video-preview:-1\" \/>\n<link rel=\"canonical\" href=\"https:\/\/pampliegaassociats.com\/es\/insights-pa\/\" \/>\n<meta property=\"og:locale\" content=\"es_ES\" \/>\n<meta property=\"og:type\" content=\"article\" \/>\n<meta property=\"og:title\" content=\"Insights P&amp;A - Pampliega &amp; Associats\" \/>\n<meta property=\"og:description\" content=\"Insights P&amp;A\" \/>\n<meta property=\"og:url\" content=\"https:\/\/pampliegaassociats.com\/es\/insights-pa\/\" \/>\n<meta property=\"og:site_name\" content=\"Pampliega &amp; Associats\" \/>\n<meta property=\"article:modified_time\" content=\"2022-01-25T14:23:55+00:00\" \/>\n<meta property=\"og:image\" content=\"https:\/\/pampliegaassociats.com\/wp-content\/uploads\/2019\/02\/img_alianzas.jpg\" \/>\n<meta name=\"twitter:card\" content=\"summary_large_image\" \/>\n<meta name=\"twitter:label1\" content=\"Tiempo de lectura\" \/>\n\t<meta name=\"twitter:data1\" content=\"1 minuto\" \/>\n<script type=\"application\/ld+json\" class=\"yoast-schema-graph\">{\"@context\":\"https:\/\/schema.org\",\"@graph\":[{\"@type\":\"WebPage\",\"@id\":\"https:\/\/pampliegaassociats.com\/es\/insights-pa\/\",\"url\":\"https:\/\/pampliegaassociats.com\/es\/insights-pa\/\",\"name\":\"Insights P&A - Pampliega &amp; Associats\",\"isPartOf\":{\"@id\":\"https:\/\/pampliegaassociats.com\/#website\"},\"primaryImageOfPage\":{\"@id\":\"https:\/\/pampliegaassociats.com\/es\/insights-pa\/#primaryimage\"},\"image\":{\"@id\":\"https:\/\/pampliegaassociats.com\/es\/insights-pa\/#primaryimage\"},\"thumbnailUrl\":\"https:\/\/pampliegaassociats.com\/wp-content\/uploads\/2019\/02\/img_alianzas.jpg\",\"datePublished\":\"2022-01-25T14:23:13+00:00\",\"dateModified\":\"2022-01-25T14:23:55+00:00\",\"breadcrumb\":{\"@id\":\"https:\/\/pampliegaassociats.com\/es\/insights-pa\/#breadcrumb\"},\"inLanguage\":\"es\",\"potentialAction\":[{\"@type\":\"ReadAction\",\"target\":[\"https:\/\/pampliegaassociats.com\/es\/insights-pa\/\"]}]},{\"@type\":\"ImageObject\",\"inLanguage\":\"es\",\"@id\":\"https:\/\/pampliegaassociats.com\/es\/insights-pa\/#primaryimage\",\"url\":\"https:\/\/pampliegaassociats.com\/wp-content\/uploads\/2019\/02\/img_alianzas.jpg\",\"contentUrl\":\"https:\/\/pampliegaassociats.com\/wp-content\/uploads\/2019\/02\/img_alianzas.jpg\"},{\"@type\":\"BreadcrumbList\",\"@id\":\"https:\/\/pampliegaassociats.com\/es\/insights-pa\/#breadcrumb\",\"itemListElement\":[{\"@type\":\"ListItem\",\"position\":1,\"name\":\"Portada\",\"item\":\"https:\/\/pampliegaassociats.com\/es\/\"},{\"@type\":\"ListItem\",\"position\":2,\"name\":\"Insights P&#038;A\"}]},{\"@type\":\"WebSite\",\"@id\":\"https:\/\/pampliegaassociats.com\/#website\",\"url\":\"https:\/\/pampliegaassociats.com\/\",\"name\":\"Pampliega &amp; Associats\",\"description\":\"Comunicaci\u00f3 Estrat\u00e8gica Reputaci\u00f3 i Gesti\u00f3 de crisi\",\"publisher\":{\"@id\":\"https:\/\/pampliegaassociats.com\/#organization\"},\"potentialAction\":[{\"@type\":\"SearchAction\",\"target\":{\"@type\":\"EntryPoint\",\"urlTemplate\":\"https:\/\/pampliegaassociats.com\/?s={search_term_string}\"},\"query-input\":{\"@type\":\"PropertyValueSpecification\",\"valueRequired\":true,\"valueName\":\"search_term_string\"}}],\"inLanguage\":\"es\"},{\"@type\":\"Organization\",\"@id\":\"https:\/\/pampliegaassociats.com\/#organization\",\"name\":\"Pampliega & Associats\",\"url\":\"https:\/\/pampliegaassociats.com\/\",\"logo\":{\"@type\":\"ImageObject\",\"inLanguage\":\"es\",\"@id\":\"https:\/\/pampliegaassociats.com\/#\/schema\/logo\/image\/\",\"url\":\"https:\/\/pampliegaassociats.com\/wp-content\/uploads\/2019\/02\/logo_pampliega_associats.png\",\"contentUrl\":\"https:\/\/pampliegaassociats.com\/wp-content\/uploads\/2019\/02\/logo_pampliega_associats.png\",\"width\":220,\"height\":110,\"caption\":\"Pampliega & Associats\"},\"image\":{\"@id\":\"https:\/\/pampliegaassociats.com\/#\/schema\/logo\/image\/\"}}]}<\/script>\n<!-- \/ Yoast SEO plugin. -->","yoast_head_json":{"title":"Insights P&A - Pampliega &amp; Associats","robots":{"index":"index","follow":"follow","max-snippet":"max-snippet:-1","max-image-preview":"max-image-preview:large","max-video-preview":"max-video-preview:-1"},"canonical":"https:\/\/pampliegaassociats.com\/es\/insights-pa\/","og_locale":"es_ES","og_type":"article","og_title":"Insights P&A - Pampliega &amp; Associats","og_description":"Insights P&amp;A","og_url":"https:\/\/pampliegaassociats.com\/es\/insights-pa\/","og_site_name":"Pampliega &amp; Associats","article_modified_time":"2022-01-25T14:23:55+00:00","og_image":[{"url":"https:\/\/pampliegaassociats.com\/wp-content\/uploads\/2019\/02\/img_alianzas.jpg","type":"","width":"","height":""}],"twitter_card":"summary_large_image","twitter_misc":{"Tiempo de lectura":"1 minuto"},"schema":{"@context":"https:\/\/schema.org","@graph":[{"@type":"WebPage","@id":"https:\/\/pampliegaassociats.com\/es\/insights-pa\/","url":"https:\/\/pampliegaassociats.com\/es\/insights-pa\/","name":"Insights P&A - Pampliega &amp; Associats","isPartOf":{"@id":"https:\/\/pampliegaassociats.com\/#website"},"primaryImageOfPage":{"@id":"https:\/\/pampliegaassociats.com\/es\/insights-pa\/#primaryimage"},"image":{"@id":"https:\/\/pampliegaassociats.com\/es\/insights-pa\/#primaryimage"},"thumbnailUrl":"https:\/\/pampliegaassociats.com\/wp-content\/uploads\/2019\/02\/img_alianzas.jpg","datePublished":"2022-01-25T14:23:13+00:00","dateModified":"2022-01-25T14:23:55+00:00","breadcrumb":{"@id":"https:\/\/pampliegaassociats.com\/es\/insights-pa\/#breadcrumb"},"inLanguage":"es","potentialAction":[{"@type":"ReadAction","target":["https:\/\/pampliegaassociats.com\/es\/insights-pa\/"]}]},{"@type":"ImageObject","inLanguage":"es","@id":"https:\/\/pampliegaassociats.com\/es\/insights-pa\/#primaryimage","url":"https:\/\/pampliegaassociats.com\/wp-content\/uploads\/2019\/02\/img_alianzas.jpg","contentUrl":"https:\/\/pampliegaassociats.com\/wp-content\/uploads\/2019\/02\/img_alianzas.jpg"},{"@type":"BreadcrumbList","@id":"https:\/\/pampliegaassociats.com\/es\/insights-pa\/#breadcrumb","itemListElement":[{"@type":"ListItem","position":1,"name":"Portada","item":"https:\/\/pampliegaassociats.com\/es\/"},{"@type":"ListItem","position":2,"name":"Insights P&#038;A"}]},{"@type":"WebSite","@id":"https:\/\/pampliegaassociats.com\/#website","url":"https:\/\/pampliegaassociats.com\/","name":"Pampliega &amp; Associats","description":"Comunicaci\u00f3 Estrat\u00e8gica Reputaci\u00f3 i Gesti\u00f3 de crisi","publisher":{"@id":"https:\/\/pampliegaassociats.com\/#organization"},"potentialAction":[{"@type":"SearchAction","target":{"@type":"EntryPoint","urlTemplate":"https:\/\/pampliegaassociats.com\/?s={search_term_string}"},"query-input":{"@type":"PropertyValueSpecification","valueRequired":true,"valueName":"search_term_string"}}],"inLanguage":"es"},{"@type":"Organization","@id":"https:\/\/pampliegaassociats.com\/#organization","name":"Pampliega & Associats","url":"https:\/\/pampliegaassociats.com\/","logo":{"@type":"ImageObject","inLanguage":"es","@id":"https:\/\/pampliegaassociats.com\/#\/schema\/logo\/image\/","url":"https:\/\/pampliegaassociats.com\/wp-content\/uploads\/2019\/02\/logo_pampliega_associats.png","contentUrl":"https:\/\/pampliegaassociats.com\/wp-content\/uploads\/2019\/02\/logo_pampliega_associats.png","width":220,"height":110,"caption":"Pampliega & Associats"},"image":{"@id":"https:\/\/pampliegaassociats.com\/#\/schema\/logo\/image\/"}}]}},"featured_image_src":null,"featured_image_src_square":null,"_links":{"self":[{"href":"https:\/\/pampliegaassociats.com\/es\/wp-json\/wp\/v2\/pages\/2547","targetHints":{"allow":["GET"]}}],"collection":[{"href":"https:\/\/pampliegaassociats.com\/es\/wp-json\/wp\/v2\/pages"}],"about":[{"href":"https:\/\/pampliegaassociats.com\/es\/wp-json\/wp\/v2\/types\/page"}],"author":[{"embeddable":true,"href":"https:\/\/pampliegaassociats.com\/es\/wp-json\/wp\/v2\/users\/1"}],"replies":[{"embeddable":true,"href":"https:\/\/pampliegaassociats.com\/es\/wp-json\/wp\/v2\/comments?post=2547"}],"version-history":[{"count":2,"href":"https:\/\/pampliegaassociats.com\/es\/wp-json\/wp\/v2\/pages\/2547\/revisions"}],"predecessor-version":[{"id":2998,"href":"https:\/\/pampliegaassociats.com\/es\/wp-json\/wp\/v2\/pages\/2547\/revisions\/2998"}],"wp:attachment":[{"href":"https:\/\/pampliegaassociats.com\/es\/wp-json\/wp\/v2\/media?parent=2547"}],"curies":[{"name":"wp","href":"https:\/\/api.w.org\/{rel}","templated":true}]}}